{"id":306,"date":"2023-01-31T23:54:01","date_gmt":"2023-01-31T23:54:01","guid":{"rendered":"https:\/\/bordahereu1693.com\/?page_id=306"},"modified":"2023-06-06T23:02:40","modified_gmt":"2023-06-06T23:02:40","slug":"donde-estamos","status":"publish","type":"page","link":"https:\/\/bordahereu1693.com\/es\/donde-estamos\/","title":{"rendered":"DONDE ESTAMOS"},"content":{"rendered":"<p>[et_pb_section fb_built=\u00bb1&#8243; _builder_version=\u00bb4.19.1&#8243; _module_preset=\u00bbdefault\u00bb global_colors_info=\u00bb{}\u00bb][et_pb_row _builder_version=\u00bb4.19.1&#8243; _module_preset=\u00bbdefault\u00bb global_colors_info=\u00bb{}\u00bb][et_pb_column type=\u00bb4_4&#8243; _builder_version=\u00bb4.19.1&#8243; _module_preset=\u00bbdefault\u00bb global_colors_info=\u00bb{}\u00bb][et_pb_text _builder_version=\u00bb4.19.1&#8243; _module_preset=\u00bbdefault\u00bb global_colors_info=\u00bb{}\u00bb]<\/p>\n<h1 style=\"text-align: center;\">DONDE ESTAMOS<\/h1>\n<p>[\/et_pb_text][et_pb_text _builder_version=\u00bb4.19.1&#8243; _module_preset=\u00bbdefault\u00bb global_colors_info=\u00bb{}\u00bb]<iframe src=\"https:\/\/www.google.com\/maps\/embed?pb=!1m18!1m12!1m3!1d2939.9677952886245!2d1.5760201157284257!3d42.53473883204437!2m3!1f0!2f0!3f0!3m2!1i1024!2i768!4f13.1!3m3!1m2!1s0x12a58a735b050823%3A0x70ef27c36db98c6!2sAv.%20Pr%C3%ADncep%20Benlloch%2C%2022%2C%20AD200%20Encamp%2C%20Andorra!5e0!3m2!1ses!2ses!4v1675207236901!5m2!1ses!2ses\" width=\"195%\" height=\"450\" style=\"border: 0;\" allowfullscreen=\"\" loading=\"lazy\" referrerpolicy=\"no-referrer-when-downgrade\"><\/iframe>[\/et_pb_text][\/et_pb_column][\/et_pb_row][et_pb_row _builder_version=\u00bb4.19.1&#8243; _module_preset=\u00bbdefault\u00bb global_colors_info=\u00bb{}\u00bb][et_pb_column type=\u00bb4_4&#8243; _builder_version=\u00bb4.19.1&#8243; _module_preset=\u00bbdefault\u00bb global_colors_info=\u00bb{}\u00bb][\/et_pb_column][\/et_pb_row][\/et_pb_section][et_pb_section fb_built=\u00bb1&#8243; _builder_version=\u00bb4.19.1&#8243; _module_preset=\u00bbdefault\u00bb background_color=\u00bb#222222&#8243; global_colors_info=\u00bb{}\u00bb][et_pb_row column_structure=\u00bb1_5,1_5,1_5,1_5,1_5&#8243; use_custom_gutter=\u00bbon\u00bb _builder_version=\u00bb4.20.4&#8243; _module_preset=\u00bbdefault\u00bb width=\u00bb87%\u00bb max_width=\u00bb1551px\u00bb global_colors_info=\u00bb{}\u00bb][et_pb_column type=\u00bb1_5&#8243; _builder_version=\u00bb4.19.1&#8243; _module_preset=\u00bbdefault\u00bb global_colors_info=\u00bb{}\u00bb][et_pb_image src=\u00bbhttps:\/\/bordahereu1693.com\/wp-content\/uploads\/2022\/11\/logo-borda-andorra-400px-blanco.png\u00bb title_text=\u00bblogo borda andorra 400px blanco\u00bb _builder_version=\u00bb4.19.1&#8243; _module_preset=\u00bbdefault\u00bb global_colors_info=\u00bb{}\u00bb][\/et_pb_image][\/et_pb_column][et_pb_column type=\u00bb1_5&#8243; _builder_version=\u00bb4.19.1&#8243; _module_preset=\u00bbdefault\u00bb global_colors_info=\u00bb{}\u00bb][et_pb_text _builder_version=\u00bb4.19.1&#8243; _module_preset=\u00bbdefault\u00bb custom_padding=\u00bb||0px|||\u00bb global_colors_info=\u00bb{}\u00bb]<\/p>\n<p><span style=\"color: #808080;\">LA BORDA DE L&#8217;HEREU 1693<\/span><\/p>\n<p>Av. Princep Benlloch 22, Encamp, AD200.<br \/>Principat d&#8217;Andorra<\/p>\n<p class=\"has-grey-color has-text-color\"><span style=\"color: #999999;\"><a href=\"https:\/\/www.google.com\/maps\/dir\/\/la+borda+del+hereu\/@41.8819278,1.0629228,9z\/data=!4m8!4m7!1m0!1m5!1m1!1s0x12a58bd409f6d2e1:0x629fb88bf72dde3!2m2!1d1.5782088!2d42.5347349\" style=\"color: #999999;\">C\u00f3mo Llegar<\/a><\/span><\/p>\n<p>[\/et_pb_text][et_pb_social_media_follow _builder_version=\u00bb4.19.1&#8243; _module_preset=\u00bbdefault\u00bb global_colors_info=\u00bb{}\u00bb theme_builder_area=\u00bbpost_content\u00bb][et_pb_social_media_follow_network social_network=\u00bbinstagram\u00bb url=\u00bbhttps:\/\/www.instagram.com\/bordahereu1693\/\u00bb _builder_version=\u00bb4.19.1&#8243; _module_preset=\u00bbdefault\u00bb background_color=\u00bb#ea2c59&#8243; global_colors_info=\u00bb{}\u00bb theme_builder_area=\u00bbpost_content\u00bb follow_button=\u00bboff\u00bb url_new_window=\u00bbon\u00bb]instagram[\/et_pb_social_media_follow_network][\/et_pb_social_media_follow][\/et_pb_column][et_pb_column type=\u00bb1_5&#8243; _builder_version=\u00bb4.19.1&#8243; _module_preset=\u00bbdefault\u00bb global_colors_info=\u00bb{}\u00bb][et_pb_text _builder_version=\u00bb4.19.1&#8243; _module_preset=\u00bbdefault\u00bb custom_margin=\u00bb||13px|||\u00bb global_colors_info=\u00bb{}\u00bb]<\/p>\n<p><span style=\"color: #808080;\">RESERVAS<\/span><\/p>\n<p>[\/et_pb_text][et_pb_text _builder_version=\u00bb4.19.1&#8243; _module_preset=\u00bbdefault\u00bb global_colors_info=\u00bb{}\u00bb]<\/p>\n<p>Puedes hacer una reserva llamando por tel\u00e9fono, por correo electr\u00f3nico o por whatsapp.<\/p>\n<p>[\/et_pb_text][et_pb_text _builder_version=\u00bb4.19.1&#8243; _module_preset=\u00bbdefault\u00bb global_colors_info=\u00bb{}\u00bb]<\/p>\n<p><span style=\"color: #999999;\"><a href=\"mailto:reserves@bordahereu1693.com\" style=\"color: #999999;\">reserves@bordahereu1693.com<\/a><\/span><\/p>\n<p class=\"has-grey-color has-text-color\"><span style=\"color: #999999;\"><a href=\"tel:+376364646\" style=\"color: #999999;\">Tel. +376 36 46 46<\/a><\/span><\/p>\n<p class=\"has-grey-color has-text-color\"><span style=\"color: #999999;\"><\/span><\/p>\n<p>[\/et_pb_text][\/et_pb_column][et_pb_column type=\u00bb1_5&#8243; _builder_version=\u00bb4.19.1&#8243; _module_preset=\u00bbdefault\u00bb global_colors_info=\u00bb{}\u00bb][et_pb_text _builder_version=\u00bb4.19.1&#8243; _module_preset=\u00bbdefault\u00bb custom_margin=\u00bb||13px|||\u00bb global_colors_info=\u00bb{}\u00bb]<\/p>\n<p><span style=\"color: #808080;\">HORARIO<\/span><\/p>\n<p><span style=\"color: #808080;\">Lunes y Martes cerrado<\/span><br \/><span style=\"color: #808080;\">Mi\u00e9rcoles: <\/span>13:00 a 16:00 i 20:<em>00<\/em> a 22:30<br \/><span style=\"color: #808080;\">Jueves: <\/span>13:00 a 16:30 i 20:00 a 02:00<br \/><span style=\"color: #808080;\">Viernes:<\/span> 13:00 a 16:30 i 20:00 a 02:00<br \/><span style=\"color: #808080;\">S\u00e1bado:<\/span> 13:00 a 16:30 i 20:00 a 02:00<br \/><span style=\"color: #808080;\">Domingo:<\/span> 13:00 a 16:00 i 20:<em>00<\/em> a 22:30<\/p>\n<p>[\/et_pb_text][\/et_pb_column][et_pb_column type=\u00bb1_5&#8243; _builder_version=\u00bb4.19.1&#8243; _module_preset=\u00bbdefault\u00bb global_colors_info=\u00bb{}\u00bb][et_pb_image src=\u00bbhttps:\/\/bordahereu1693.com\/wp-content\/uploads\/2023\/06\/recomendacion.jpg\u00bb title_text=\u00bbrecomendacion\u00bb _builder_version=\u00bb4.20.4&#8243; _module_preset=\u00bbdefault\u00bb width=\u00bb78%\u00bb global_colors_info=\u00bb{}\u00bb][\/et_pb_image][\/et_pb_column][\/et_pb_row][\/et_pb_section]<\/p>\n","protected":false},"excerpt":{"rendered":"<p>DONDE ESTAMOSLA BORDA DE L&#8217;HEREU 1693 Av. Princep Benlloch 22, Encamp, AD200.Principat d&#8217;Andorra C\u00f3mo LlegarRESERVASPuedes hacer una reserva llamando por tel\u00e9fono, por correo electr\u00f3nico o por whatsapp.reserves@bordahereu1693.com Tel. +376 36 46 46 HORARIO Lunes y Martes cerradoMi\u00e9rcoles: 13:00 a 16:00 i 20:00 a 22:30Jueves: 13:00 a 16:30 i 20:00 a 02:00Viernes: 13:00 a 16:30 i [&hellip;]<\/p>\n","protected":false},"author":1,"featured_media":0,"parent":0,"menu_order":0,"comment_status":"closed","ping_status":"closed","template":"","meta":{"_et_pb_use_builder":"on","_et_pb_old_content":"","_et_gb_content_width":"","footnotes":""},"class_list":["post-306","page","type-page","status-publish","hentry"],"yoast_head":"<!-- This site is optimized with the Yoast SEO plugin v27.5 - https:\/\/yoast.com\/product\/yoast-seo-wordpress\/ -->\n<title>DONDE ESTAMOS - La Borda de l&#039;Hereu 1693<\/title>\n<meta name=\"robots\" content=\"index, follow, max-snippet:-1, max-image-preview:large, max-video-preview:-1\" \/>\n<link rel=\"canonical\" href=\"https:\/\/bordahereu1693.com\/es\/donde-estamos\/\" \/>\n<meta property=\"og:locale\" content=\"es_ES\" \/>\n<meta property=\"og:type\" content=\"article\" \/>\n<meta property=\"og:title\" content=\"DONDE ESTAMOS - La Borda de l&#039;Hereu 1693\" \/>\n<meta property=\"og:description\" content=\"DONDE ESTAMOSLA BORDA DE L&#039;HEREU 1693 Av. Princep Benlloch 22, Encamp, AD200.Principat d&#039;Andorra C\u00f3mo LlegarRESERVASPuedes hacer una reserva llamando por tel\u00e9fono, por correo electr\u00f3nico o por whatsapp.reserves@bordahereu1693.com Tel. +376 36 46 46 HORARIO Lunes y Martes cerradoMi\u00e9rcoles: 13:00 a 16:00 i 20:00 a 22:30Jueves: 13:00 a 16:30 i 20:00 a 02:00Viernes: 13:00 a 16:30 i [&hellip;]\" \/>\n<meta property=\"og:url\" content=\"https:\/\/bordahereu1693.com\/es\/donde-estamos\/\" \/>\n<meta property=\"og:site_name\" content=\"La Borda de l&#039;Hereu 1693\" \/>\n<meta property=\"article:modified_time\" content=\"2023-06-06T23:02:40+00:00\" \/>\n<meta name=\"twitter:card\" content=\"summary_large_image\" \/>\n<meta name=\"twitter:label1\" content=\"Tiempo de lectura\" \/>\n\t<meta name=\"twitter:data1\" content=\"2 minutos\" \/>\n<script type=\"application\/ld+json\" class=\"yoast-schema-graph\">{\"@context\":\"https:\\\/\\\/schema.org\",\"@graph\":[{\"@type\":\"WebPage\",\"@id\":\"https:\\\/\\\/bordahereu1693.com\\\/es\\\/donde-estamos\\\/\",\"url\":\"https:\\\/\\\/bordahereu1693.com\\\/es\\\/donde-estamos\\\/\",\"name\":\"DONDE ESTAMOS - La Borda de l&#039;Hereu 1693\",\"isPartOf\":{\"@id\":\"https:\\\/\\\/bordahereu1693.com\\\/#website\"},\"datePublished\":\"2023-01-31T23:54:01+00:00\",\"dateModified\":\"2023-06-06T23:02:40+00:00\",\"breadcrumb\":{\"@id\":\"https:\\\/\\\/bordahereu1693.com\\\/es\\\/donde-estamos\\\/#breadcrumb\"},\"inLanguage\":\"es\",\"potentialAction\":[{\"@type\":\"ReadAction\",\"target\":[\"https:\\\/\\\/bordahereu1693.com\\\/es\\\/donde-estamos\\\/\"]}]},{\"@type\":\"BreadcrumbList\",\"@id\":\"https:\\\/\\\/bordahereu1693.com\\\/es\\\/donde-estamos\\\/#breadcrumb\",\"itemListElement\":[{\"@type\":\"ListItem\",\"position\":1,\"name\":\"Inici\",\"item\":\"https:\\\/\\\/bordahereu1693.com\\\/es\\\/\"},{\"@type\":\"ListItem\",\"position\":2,\"name\":\"DONDE ESTAMOS\"}]},{\"@type\":\"WebSite\",\"@id\":\"https:\\\/\\\/bordahereu1693.com\\\/#website\",\"url\":\"https:\\\/\\\/bordahereu1693.com\\\/\",\"name\":\"La Borda de l&#039;Hereu 1693\",\"description\":\"\",\"potentialAction\":[{\"@type\":\"SearchAction\",\"target\":{\"@type\":\"EntryPoint\",\"urlTemplate\":\"https:\\\/\\\/bordahereu1693.com\\\/?s={search_term_string}\"},\"query-input\":{\"@type\":\"PropertyValueSpecification\",\"valueRequired\":true,\"valueName\":\"search_term_string\"}}],\"inLanguage\":\"es\"}]}<\/script>\n<!-- \/ Yoast SEO plugin. -->","yoast_head_json":{"title":"DONDE ESTAMOS - La Borda de l&#039;Hereu 1693","robots":{"index":"index","follow":"follow","max-snippet":"max-snippet:-1","max-image-preview":"max-image-preview:large","max-video-preview":"max-video-preview:-1"},"canonical":"https:\/\/bordahereu1693.com\/es\/donde-estamos\/","og_locale":"es_ES","og_type":"article","og_title":"DONDE ESTAMOS - La Borda de l&#039;Hereu 1693","og_description":"DONDE ESTAMOSLA BORDA DE L'HEREU 1693 Av. Princep Benlloch 22, Encamp, AD200.Principat d'Andorra C\u00f3mo LlegarRESERVASPuedes hacer una reserva llamando por tel\u00e9fono, por correo electr\u00f3nico o por whatsapp.reserves@bordahereu1693.com Tel. +376 36 46 46 HORARIO Lunes y Martes cerradoMi\u00e9rcoles: 13:00 a 16:00 i 20:00 a 22:30Jueves: 13:00 a 16:30 i 20:00 a 02:00Viernes: 13:00 a 16:30 i [&hellip;]","og_url":"https:\/\/bordahereu1693.com\/es\/donde-estamos\/","og_site_name":"La Borda de l&#039;Hereu 1693","article_modified_time":"2023-06-06T23:02:40+00:00","twitter_card":"summary_large_image","twitter_misc":{"Tiempo de lectura":"2 minutos"},"schema":{"@context":"https:\/\/schema.org","@graph":[{"@type":"WebPage","@id":"https:\/\/bordahereu1693.com\/es\/donde-estamos\/","url":"https:\/\/bordahereu1693.com\/es\/donde-estamos\/","name":"DONDE ESTAMOS - La Borda de l&#039;Hereu 1693","isPartOf":{"@id":"https:\/\/bordahereu1693.com\/#website"},"datePublished":"2023-01-31T23:54:01+00:00","dateModified":"2023-06-06T23:02:40+00:00","breadcrumb":{"@id":"https:\/\/bordahereu1693.com\/es\/donde-estamos\/#breadcrumb"},"inLanguage":"es","potentialAction":[{"@type":"ReadAction","target":["https:\/\/bordahereu1693.com\/es\/donde-estamos\/"]}]},{"@type":"BreadcrumbList","@id":"https:\/\/bordahereu1693.com\/es\/donde-estamos\/#breadcrumb","itemListElement":[{"@type":"ListItem","position":1,"name":"Inici","item":"https:\/\/bordahereu1693.com\/es\/"},{"@type":"ListItem","position":2,"name":"DONDE ESTAMOS"}]},{"@type":"WebSite","@id":"https:\/\/bordahereu1693.com\/#website","url":"https:\/\/bordahereu1693.com\/","name":"La Borda de l&#039;Hereu 1693","description":"","potentialAction":[{"@type":"SearchAction","target":{"@type":"EntryPoint","urlTemplate":"https:\/\/bordahereu1693.com\/?s={search_term_string}"},"query-input":{"@type":"PropertyValueSpecification","valueRequired":true,"valueName":"search_term_string"}}],"inLanguage":"es"}]}},"_links":{"self":[{"href":"https:\/\/bordahereu1693.com\/es\/wp-json\/wp\/v2\/pages\/306","targetHints":{"allow":["GET"]}}],"collection":[{"href":"https:\/\/bordahereu1693.com\/es\/wp-json\/wp\/v2\/pages"}],"about":[{"href":"https:\/\/bordahereu1693.com\/es\/wp-json\/wp\/v2\/types\/page"}],"author":[{"embeddable":true,"href":"https:\/\/bordahereu1693.com\/es\/wp-json\/wp\/v2\/users\/1"}],"replies":[{"embeddable":true,"href":"https:\/\/bordahereu1693.com\/es\/wp-json\/wp\/v2\/comments?post=306"}],"version-history":[{"count":8,"href":"https:\/\/bordahereu1693.com\/es\/wp-json\/wp\/v2\/pages\/306\/revisions"}],"predecessor-version":[{"id":454,"href":"https:\/\/bordahereu1693.com\/es\/wp-json\/wp\/v2\/pages\/306\/revisions\/454"}],"wp:attachment":[{"href":"https:\/\/bordahereu1693.com\/es\/wp-json\/wp\/v2\/media?parent=306"}],"curies":[{"name":"wp","href":"https:\/\/api.w.org\/{rel}","templated":true}]}}